{"id":1651,"date":"2024-04-12T18:01:36","date_gmt":"2024-04-12T18:01:36","guid":{"rendered":"https:\/\/dialog-der-kuenste.de\/?page_id=1651"},"modified":"2026-01-07T12:39:44","modified_gmt":"2026-01-07T12:39:44","slug":"saison-2024","status":"publish","type":"page","link":"https:\/\/dialog-der-kuenste.de\/?page_id=1651","title":{"rendered":"SAISON 2024\/25"},"content":{"rendered":"\n<p class=\"has-vivid-red-color has-text-color\" style=\"font-size:26px\"><\/p>\n\n\n\n<p><\/p>\n\n\n\n<p class=\"has-vivid-red-color has-text-color has-link-color has-x-large-font-size wp-elements-440049f4232746a5f37b3dd689094e44\"><strong>2. M\u00e4rz 2025 <\/strong>&#8211; 17 Uhr<\/p>\n\n\n\n<p class=\"has-vivid-red-color has-text-color has-link-color wp-elements-22566b7086d70f20fc68ee2bbcbba598\" style=\"font-size:34px\">Theaterwerkstatt &#8211; Lister Meile 4, 30161 Hannover<\/p>\n\n\n\n<p class=\"has-vivid-red-color has-text-color has-link-color wp-elements-4d4f44b82ab07ffa96ab69643b5db7ea\" style=\"font-size:40px\"><strong>Fjodor<\/strong> <strong>DOSTOJEWSKIJ &#8211; <em>Der Gro\u00dfinquisitor<\/em><\/strong><\/p>\n\n\n\n<p class=\"has-vivid-red-color has-text-color has-link-color wp-elements-7d73f30add88967ace7efb301f644ac1\" style=\"font-size:31px\">mit Matthias Neukirch (Schauspielhaus Z\u00fcrich)<\/p>\n\n\n\n<p class=\"has-vivid-red-color has-text-color has-link-color wp-elements-d94d4604386003aeb1240d50adb7f726\" style=\"font-size:0px\">als hybride Rezitation mit <strong>Matthias Neukirch <\/strong>(Schauspielhaus Z\u00fcrich) in der <strong>Theaterwerkstatt Hannover<\/strong>, Lister Meile 4, 30161 Hannover<\/p>\n\n\n\n<figure class=\"wp-block-image size-full\"><img loading=\"lazy\" decoding=\"async\" width=\"1772\" height=\"2501\" src=\"https:\/\/dialog-der-kuenste.de\/wp-content\/uploads\/2025\/01\/DdK_Plakat_020325.jpg\" alt=\"\" class=\"wp-image-1850\" srcset=\"https:\/\/dialog-der-kuenste.de\/wp-content\/uploads\/2025\/01\/DdK_Plakat_020325.jpg 1772w, https:\/\/dialog-der-kuenste.de\/wp-content\/uploads\/2025\/01\/DdK_Plakat_020325-213x300.jpg 213w, https:\/\/dialog-der-kuenste.de\/wp-content\/uploads\/2025\/01\/DdK_Plakat_020325-726x1024.jpg 726w, https:\/\/dialog-der-kuenste.de\/wp-content\/uploads\/2025\/01\/DdK_Plakat_020325-768x1084.jpg 768w, https:\/\/dialog-der-kuenste.de\/wp-content\/uploads\/2025\/01\/DdK_Plakat_020325-1088x1536.jpg 1088w, https:\/\/dialog-der-kuenste.de\/wp-content\/uploads\/2025\/01\/DdK_Plakat_020325-1451x2048.jpg 1451w\" sizes=\"(max-width: 1772px) 100vw, 1772px\" \/><\/figure>\n\n\n\n<p class=\"has-text-align-right has-vivid-red-color has-text-color has-link-color wp-elements-e38d7d651770ae77b91a691bdf665287\" style=\"font-size:25px\">Foto: Steve Zeidler<\/p>\n\n\n\n<p class=\"has-vivid-red-color has-text-color has-link-color wp-elements-c0575ca63c3cb7c942cb33bc27c81b46\" style=\"font-size:48px\">\u00b4Der Gro\u00dfinquisitor\u00b4<\/p>\n\n\n\n<p class=\"has-vivid-red-color has-text-color has-link-color wp-elements-db86a5135af172cbfbd97506ad10dac7\" style=\"font-size:26px\">aus \u00b4Die Br\u00fcder Karamasow\u00b4 (1878-80)<\/p>\n\n\n\n<p class=\"has-vivid-red-color has-text-color has-link-color wp-elements-d03c089eeb1aabd592a44c68169bd8bf\" style=\"font-size:34px\">von <strong>Fjodor DOSTOJEWSKIJ (1821-81)<\/strong><\/p>\n\n\n\n<p class=\"has-vivid-red-color has-text-color has-link-color wp-elements-00649f950488edbd47d15198824ee37d\" style=\"font-size:28px\">fragmentarische Musik von<\/p>\n\n\n\n<p class=\"has-vivid-red-color has-text-color has-link-color wp-elements-f25e419ecf8edf5c0a23ae3cfe61f3d6\" style=\"font-size:34px\">Claude DEBUSSY &amp; J. S. BACH<\/p>\n\n\n\n<p class=\"has-vivid-red-color has-text-color has-link-color wp-elements-eaae78fa12f54cf1553ccdd2e9a38c16\" style=\"font-size:24px\"><\/p>\n\n\n\n<p class=\"has-vivid-red-color has-text-color has-link-color wp-elements-0d50a118b62833613f2c8b950fa37887\" style=\"font-size:24px\">In DOSTOJEWSKIJs fantastischer Parabel kommt es gleichnishaft zur fiktiven Begegnung Jesus Christus\u00b4, der in Sevilla des 16. Jahrhunderts der Menschheit wiedererscheint, mit dem zu dieser Zeit allm\u00e4chti\u00adgen\u00ad, bereits 90-j\u00e4hrigen Gro\u00dfinquisitor.<\/p>\n\n\n\n<p class=\"has-vivid-red-color has-text-color has-link-color wp-elements-ab710fd9a1294bec90fde11598b14214\" style=\"font-size:24px\">Er heilt und bewirkt Wunder, bis ihn der Gro\u00dfinquisitor verhaften l\u00e4sst und als Ketzer verurteilen will. Vor dem blutigen, scheiterhaufenhellen Hintergrund der Gr\u00e4ueltaten der unheiligen Inquisition deklamiert der Gro\u00dfinquisitor dem von ihm verhafteten Heiland, die f\u00fcr die Menschen unausweichliche Herrschaft der Kirche. Er tut dies \u00fcber die Herleitung seiner Bewertung der ersten Ankunft Jesus\u00b4 und seines Scheiterns.<\/p>\n\n\n\n<p class=\"has-vivid-red-color has-text-color has-link-color wp-elements-625bc40c5a23d4b1849d45afd93bee77\" style=\"font-size:24px\">In einem ungleichen Gespr\u00e4ch werden grunds\u00e4tzliche Fragen \u00fcber Glauben, Liebe und Freiheit im Zusammenhang mit dem Wunsch nach Gl\u00fcckseligkeit verhandelt &#8211; ein Werk von unheimlich aktueller Bedeutung.<\/p>\n\n\n\n<p class=\"has-vivid-red-color has-text-color has-link-color wp-elements-eaae78fa12f54cf1553ccdd2e9a38c16\" style=\"font-size:24px\"><\/p>\n\n\n\n<p class=\"has-vivid-red-color has-text-color has-link-color wp-elements-eaae78fa12f54cf1553ccdd2e9a38c16\" style=\"font-size:24px\"><\/p>\n\n\n\n<p><\/p>\n\n\n\n<p class=\"has-white-color has-text-color has-link-color has-x-large-font-size wp-elements-0b2d0af82829e860d2e7480b18609adb\">_<\/p>\n\n\n\n<p class=\"has-luminous-vivid-orange-color has-text-color has-link-color wp-elements-ff10b1508ffd339ee727334f89e5af53\" style=\"font-size:31px\"><\/p>\n\n\n\n<p class=\"has-luminous-vivid-orange-color has-text-color has-link-color has-x-large-font-size wp-elements-6ceb7a567059cc659ef564f5f44892ed\">. . . . .<\/p>\n\n\n\n<p class=\"has-luminous-vivid-orange-color has-text-color has-link-color wp-elements-b3a96e15cfe421cce15d7c0e5adc98d2\" style=\"font-size:40px\"><strong>27. Oktober 2024 &#8211; 18.00 Uhr<\/strong><\/p>\n\n\n\n<p class=\"has-luminous-vivid-orange-color has-text-color has-link-color has-large-font-size wp-elements-f097cfc7970adb12c2199bad07ef643d\">Joseph-Joachim-Saal, K\u00fcnstlerhaus Hannover,<\/p>\n\n\n\n<p class=\"has-luminous-vivid-orange-color has-text-color has-link-color has-large-font-size wp-elements-4b121f09aa04edb06466c0665e8e208b\">Sophienstr. 2, 30159 Hannover<\/p>\n\n\n\n<figure class=\"wp-block-image size-full\"><img loading=\"lazy\" decoding=\"async\" width=\"1772\" height=\"2501\" src=\"https:\/\/dialog-der-kuenste.de\/wp-content\/uploads\/2024\/09\/Plakat_Quintett_24_web.jpg\" alt=\"\" class=\"wp-image-1727\" srcset=\"https:\/\/dialog-der-kuenste.de\/wp-content\/uploads\/2024\/09\/Plakat_Quintett_24_web.jpg 1772w, https:\/\/dialog-der-kuenste.de\/wp-content\/uploads\/2024\/09\/Plakat_Quintett_24_web-213x300.jpg 213w, https:\/\/dialog-der-kuenste.de\/wp-content\/uploads\/2024\/09\/Plakat_Quintett_24_web-726x1024.jpg 726w, https:\/\/dialog-der-kuenste.de\/wp-content\/uploads\/2024\/09\/Plakat_Quintett_24_web-768x1084.jpg 768w, https:\/\/dialog-der-kuenste.de\/wp-content\/uploads\/2024\/09\/Plakat_Quintett_24_web-1088x1536.jpg 1088w, https:\/\/dialog-der-kuenste.de\/wp-content\/uploads\/2024\/09\/Plakat_Quintett_24_web-1451x2048.jpg 1451w\" sizes=\"(max-width: 1772px) 100vw, 1772px\" \/><\/figure>\n\n\n\n<p class=\"has-white-color has-text-color has-link-color has-medium-font-size wp-elements-53b957a6a96c3cfca4c37941c66f24f5\">.<\/p>\n\n\n\n<p class=\"has-pale-pink-color has-text-color has-link-color has-large-font-size wp-elements-fc28e8cee0b3ee57fe0ccc2573c103f3\">&gt;&gt; <a href=\"https:\/\/dialog-der-kuenste.de\/?page_id=13\">Karten<\/a> &gt;&gt;<\/p>\n\n\n\n<p class=\"has-luminous-vivid-orange-color has-text-color has-link-color wp-elements-44735acc4df2add9568f36adc60ca411\" style=\"font-size:32px\">Alfred<strong> SCHNITTKE<\/strong> (1934-98)<\/p>\n\n\n\n<p class=\"has-luminous-vivid-orange-color has-text-color has-link-color wp-elements-7cde5dc954cbfd9c722a276d4f7bbf8f\" style=\"font-size:26px\">Klavierquintett (1976)<\/p>\n\n\n\n<p class=\"has-luminous-vivid-orange-color has-text-color has-link-color wp-elements-2ad922a4c3f1b92ca6a058af4aa1fffb\" style=\"font-size:32px\">Johannes<strong> BRAHMS<\/strong> (1833-97)<\/p>\n\n\n\n<p class=\"has-luminous-vivid-orange-color has-text-color has-link-color wp-elements-72a31a6b643826d3fbf611faae8151cf\" style=\"font-size:26px\">3. Klavierquartett in c-Moll, op. 60 (1875)<\/p>\n\n\n\n<p class=\"has-luminous-vivid-orange-color has-text-color has-link-color wp-elements-de953e08b902d369cf3685245f389ada\" style=\"font-size:32px\">Grazyna<strong> BACEWICZ<\/strong> (1909-69)<\/p>\n\n\n\n<p class=\"has-luminous-vivid-orange-color has-text-color has-link-color wp-elements-3e35f7d3219ecb1ff332e9ad9284ad24\" style=\"font-size:26px\">1. Klavierquintett (1952)<\/p>\n\n\n\n<p class=\"has-luminous-vivid-orange-color has-text-color has-link-color wp-elements-d0da8dc2d36eade6e3223e8aca33c580\" style=\"font-size:32px\">Gustav<strong> MAHLER<\/strong> (1860-1911)<\/p>\n\n\n\n<p class=\"has-luminous-vivid-orange-color has-text-color has-link-color wp-elements-534e6e397542f16954ac42531259ecff\" style=\"font-size:26px\">Klavierquartett in a-Moll (1876-77)<\/p>\n\n\n\n<p class=\"has-luminous-vivid-orange-color has-text-color has-link-color wp-elements-94b39e683641a8491f0c1145288ca1ec\" style=\"font-size:32px\">____________<\/p>\n\n\n\n<p class=\"has-luminous-vivid-orange-color has-text-color has-link-color wp-elements-f2edae2eae177d49b4ecca9aab9c770b\" style=\"font-size:32px\"><em><strong>FLEX ENSEMBLE<\/strong><\/em> (Hannover)<\/p>\n\n\n\n<p class=\"has-luminous-vivid-orange-color has-text-color has-link-color wp-elements-c5c0261d110bb19aa15f77bfe45e8ed0\" style=\"font-size:32px\">  Kana Sugimura &#8211; Violine<\/p>\n\n\n\n<p class=\"has-luminous-vivid-orange-color has-text-color has-link-color wp-elements-b178bc1254716b48ef52e812d2b31ea2\" style=\"font-size:32px\">Ania Szulc &#8211; Viola<\/p>\n\n\n\n<p class=\"has-luminous-vivid-orange-color has-text-color has-link-color wp-elements-9adcc182735e2974f5b81cbc80919305\" style=\"font-size:32px\">  Martha Bijlsma &#8211; Violoncello<\/p>\n\n\n\n<p class=\"has-luminous-vivid-orange-color has-text-color has-link-color wp-elements-1be3fe81cc4f01e58117e7be061e2991\" style=\"font-size:32px\">  Johannes Nies &#8211; Klavier<\/p>\n\n\n\n<p class=\"has-luminous-vivid-orange-color has-text-color has-link-color wp-elements-9b199d5b9809c5b15b08a1d8da254c0e\" style=\"font-size:32px\">&nbsp; &nbsp;    mit<\/p>\n\n\n\n<p class=\"has-luminous-vivid-orange-color has-text-color has-link-color wp-elements-13412a24143c726d371b3a2240a7e622\" style=\"font-size:32px\"><strong>Lucja MADZIAR<\/strong> &#8211; Konzertmeisterin d. ORF-Orchesters Wien&nbsp;<\/p>\n\n\n\n<p class=\"has-luminous-vivid-orange-color has-text-color has-link-color has-large-font-size wp-elements-6f2b01ece5624b52d2b723a45ae743fe\">____________<\/p>\n\n\n\n<p class=\"has-luminous-vivid-orange-color has-text-color has-link-color wp-elements-deb1e5d1e9c347237af983819f4b01f5\" style=\"font-size:24px\">Johannes Brahms\u00b4 drittes, leidenschaftlich-sch\u00f6nes Klavierquartett entstand, ja reifte \u00fcber den langen Zeitraum von 1855 bis 1875. Die autobiografisch motivierte Komposition, einem von ihm&nbsp; ansonsten streng abgelehnten Ansatz, begann er zwei Jahre nach seiner ersten Begegnung mit Clara Schumann und vollendete sie auf dem H\u00f6hepunkt seiner auf ewig unerf\u00fcllten Liebesbeziehung zur Frau seines v\u00e4terlichen Freundes und Mentors Robert Schumann. Bezeichnet sind auch seine damals selbst geschaffenen Bez\u00fcge zu Goethes literarische Gestalt des \u00b4Werthers\u00b4 in Zusammenhang mit diesem Werk. Daher sind auch seine m\u00f6glichen Selbstmordgedanken wegen der verlorenen, ja nie \u00b4besessenen\u00b4, ja nie \u00b4besessenen\u00b4, gelebten Liebe zu Clara nicht ausgeschlossen. Es ist die Vertonung einer endlosen Sehnsucht, einer immerw\u00e4hrenden Entfernung trotz r\u00e4umlicher und k\u00f6rperlicher N\u00e4he und inniger gegenseitiger, wie auch immer ge\u00e4u\u00dferter Zuneigung.<\/p>\n\n\n\n<p class=\"has-luminous-vivid-orange-color has-text-color has-link-color wp-elements-cc52af457ef8915f485f3acf1f20ba4f\" style=\"font-size:24px\">Im seinem \u00fcberw\u00e4ltigenden Klavierquintett verarbeitet Alfred Schnittke den Tod seiner Mutter und setzt darin in musikalischer Transformation quasi die verschiedenen Stufen eines Trauerzyklus\u00b4 &#8211; von Weigerung, Wut, Verhandlung, Depression und Akzeptanz &#8211; in Ton.<\/p>\n\n\n\n<p class=\"has-luminous-vivid-orange-color has-text-color has-link-color wp-elements-1af1f5c5e801c18d772c2f40f3db03c0\" style=\"font-size:24px\">Auch in Grazyna Bacewicz r\u00e4tselhaften, melancholisch-dunkelleuchtenden Klavierquintett finden sich Ankl\u00e4nge von Trauer und Verlust &#8211; am greifbarsten in Form eines angedeuteten, sich st\u00e4ndig ver\u00e4ndernden Trauermarsches sowie subtil in verschiedenen Motiven des Klagens. Es endet schlie\u00dflich aber nach einer \u00dcberleitung, die an ein Wiegenlied erinnert, in tr\u00e4umerisch anmutenden Klanginseln\u2026<\/p>\n\n\n\n<p class=\"has-luminous-vivid-orange-color has-text-color has-link-color wp-elements-21fff85315fd47fee50642208ff05dc1\" style=\"font-size:24px\">Zu diesen seri\u00f6sen Werken gesellt sich Gustav Mahlers fr\u00fches Klavierquartett als seltenes Zeugnis seiner kammermusikalischer Ans\u00e4tze, das aber bereits seine tiefsch\u00fcrfende musikalische Durchdringung, die sein Gesamtwerk pr\u00e4gen wird, vielversprechend andeutet.<\/p>\n\n\n\n<p><\/p>\n\n\n\n<p class=\"has-luminous-vivid-orange-color has-text-color has-link-color has-x-large-font-size wp-elements-6ceb7a567059cc659ef564f5f44892ed\">. . . . .<\/p>\n\n\n\n<p class=\"has-luminous-vivid-amber-color has-text-color\" style=\"font-size:40px\"><strong>28. April 2024 &#8211; 18.00 Uhr<\/strong><\/p>\n\n\n\n<p class=\"has-luminous-vivid-amber-color has-text-color has-link-color wp-elements-f36f3cf999e0856671404c73dd95934f\" style=\"font-size:36px\">Neust\u00e4dter Hof- und Stadtkirche,<\/p>\n\n\n\n<p class=\"has-luminous-vivid-amber-color has-text-color has-link-color wp-elements-bf9a24855cc6fbd3b5099de1648ff3d1\" style=\"font-size:36px\">Rote Reihe 8, 30169 Hannover<\/p>\n\n\n\n<figure class=\"wp-block-image size-full\"><img loading=\"lazy\" decoding=\"async\" width=\"1813\" height=\"2560\" src=\"https:\/\/dialog-der-kuenste.de\/wp-content\/uploads\/2024\/04\/Plakat_Die-schoene-Muellerin_24_print-scaled.jpg\" alt=\"\" class=\"wp-image-1654\" srcset=\"https:\/\/dialog-der-kuenste.de\/wp-content\/uploads\/2024\/04\/Plakat_Die-schoene-Muellerin_24_print-scaled.jpg 1813w, https:\/\/dialog-der-kuenste.de\/wp-content\/uploads\/2024\/04\/Plakat_Die-schoene-Muellerin_24_print-212x300.jpg 212w, https:\/\/dialog-der-kuenste.de\/wp-content\/uploads\/2024\/04\/Plakat_Die-schoene-Muellerin_24_print-725x1024.jpg 725w, https:\/\/dialog-der-kuenste.de\/wp-content\/uploads\/2024\/04\/Plakat_Die-schoene-Muellerin_24_print-768x1084.jpg 768w, https:\/\/dialog-der-kuenste.de\/wp-content\/uploads\/2024\/04\/Plakat_Die-schoene-Muellerin_24_print-1088x1536.jpg 1088w, https:\/\/dialog-der-kuenste.de\/wp-content\/uploads\/2024\/04\/Plakat_Die-schoene-Muellerin_24_print-1451x2048.jpg 1451w\" sizes=\"(max-width: 1813px) 100vw, 1813px\" \/><\/figure>\n\n\n\n<p class=\"has-white-color has-text-color\" style=\"font-size:40px\">.<\/p>\n\n\n\n<p><\/p>\n\n\n\n<p class=\"has-large-font-size\">Franz SCHUBERT (1797-1828)<\/p>\n\n\n\n<p class=\"has-luminous-vivid-amber-color has-text-color\" style=\"font-size:56px\"><em>Die sch\u00f6ne M\u00fcllerin<\/em><\/p>\n\n\n\n<p style=\"font-size:30px\">(D 759, Liederzyklus, 1823)<\/p>\n\n\n\n<p class=\"has-luminous-vivid-amber-color has-text-color\" style=\"font-size:32px\">____________<\/p>\n\n\n\n<p style=\"font-size:32px\">Christoph Pohl &#8211; Bariton, Semperoper Dresden<\/p>\n\n\n\n<p style=\"font-size:32px\">Tobias Krampen &#8211; Klavier, Bonn<\/p>\n\n\n\n<p class=\"has-luminous-vivid-amber-color has-text-color\" style=\"font-size:32px\">____________<\/p>\n\n\n\n<p style=\"font-size:24px\">In seiner Saison 2024 unter dem \u00dcbertitel \u201eVerlust\u201c pr\u00e4sentiert die interdisziplin\u00e4re Konzertreihe DIALOG der K\u00dcNSTE den Liederzyklus \u201eDie sch\u00f6ne M\u00fcllerin\u201c von Franz Schubert, der im Jahr 2023 sein 200. Jubil\u00e4um feierte. Der international gefeierte Bariton Christoph Pohl von der Semperoper Dresden interpretiert die ber\u00fchmten, romantischen Lieder begleitet vom Pianisten Tobias Krampen.<\/p>\n\n\n\n<p style=\"font-size:24px\">Der erste von Franz Schuberts drei gro\u00dfen Liederzyklen erz\u00e4hlt von der unerf\u00fcllten Liebe eines jungen M\u00fcllergesellen zu der Tochter seines neuen Meisters. Die tief ber\u00fchrenden Lieder lassen ihn alle Emotionen einer jugendlich reinen, letztlich aber einseitigen Liebe durchwandern.<\/p>\n\n\n\n<p style=\"font-size:25px\">So f\u00fchrt sie ihn vom schw\u00e4rmerischen Sehnen \u00fcber hoffnungsvolle Zeichen einer baldigen Erf\u00fcllung, dann aber durch Eifersucht und sp\u00e4ter bittere Resignation hin zur finalen Flucht aus Wehmut und Verzweiflung. Es ist die tragisch-sch\u00f6ne Geschichte einer besonderen Form des Verlustes.<\/p>\n\n\n\n<p style=\"font-size:24px\">Aus der Wanderschaft kommend und der r\u00e4tselhaften Sch\u00f6nheit der Natur zugetan, begleitet ihn diese in seinen Gef\u00fchlswirrungen mit ihren vielsagenden Erscheinungen und tritt sogar in Zwiesprache mit ihm.<\/p>\n\n\n\n<p><\/p>\n\n\n\n<p class=\"has-luminous-vivid-amber-color has-text-color\" style=\"font-size:32px\">____________<\/p>\n\n\n\n<p class=\"has-luminous-vivid-amber-color has-text-color has-large-font-size\">2024<\/p>\n\n\n\n<p class=\"has-luminous-vivid-amber-color has-text-color\" style=\"font-size:52px\">Thema: <em>Verlust<\/em><\/p>\n\n\n\n<p style=\"font-size:24px\">In Saison 2024 konzentrieren wir uns in drei Auff\u00fchrungen, einem <strong>Liederabend <\/strong>(28.4.), einem <strong>Kammerkonzert <\/strong>(27.10.) und einer <strong>hybriden Rezitation<\/strong> eines Werks von <strong>Fjodor DOSTOJEWSKIJ <\/strong>mit <strong>Matthias NEUKIRCH<\/strong> vom Schauspielhaus Z\u00fcrich (Fr\u00fchjahr 2025 &#8211; Termin wird bald genannt), auf Werke, die sich k\u00fcnstlerisch mit dem Thema \u201eVerlust\u201c auseinandersetzen.<\/p>\n\n\n\n<p style=\"font-size:24px\">Nicht selten verarbeiten K\u00fcnstler schwere Schicksalsschl\u00e4ge in Ihren Werken und Kompositionen. Vor allem der finale Verlust eines geliebten Menschen l\u00e4sst eine Leere zur\u00fcck, die nur durch den k\u00fcnstlerischen Versuch begegnet werden kann, diese zu begreifen, zu bew\u00e4ltigen oder im eigentlich unm\u00f6glichsten Fall anders auszuf\u00fcllen. Zuerst gilt es diesen Verlust zu akzeptieren, auszuhalten, ja das Unwiderrufliche verstehen zu lernen. Der K\u00fcnstler sucht bald Wege, dieser komplexen Gef\u00fchlswelt Ausdruck zu verleihen, um zu trauern, sich zu erinnern und letztlich weiterleben zu k\u00f6nnen, indem er sich irgendwie von diesem Verlust \u00b4befreit\u00b4 oder vielmehr sich und die dadurch gerissene Wunde zu heilen vermag. Diese Wirkung der Musik gilt auch im \u00fcbertragenden Sinne.<\/p>\n\n\n\n<p style=\"font-size:24px\">So tragen derartige Werke oft \u00e4u\u00dferst autobiografische Z\u00fcge und verraten Vieles \u00fcber den Menschen hinter der Kunst, denn ohne Ehrlichkeit und Offenbarung w\u00fcrde es nie gelingen, den Verlust zu verwandeln und ein \u00b4neues\u00b4 Leben zu beginnen.<\/p>\n\n\n\n<p style=\"font-size:24px\">Uns interessieren vor diesem Hintergrund insbesondere Verluste, die von existentieller, ja vielleicht sogar fatalistischer Wirkung sind &#8211; die Zweifel, In-Frage-Stellen oder eine bewusstseinserweiternde Innenschau verursachen, letztlich aber auch neue Perspektiven und Chancen erm\u00f6glichen.<\/p>\n\n\n\n<p style=\"font-size:24px\">Es geht uns um die heilende Kraft der Musik, die sie auch denen entfaltet, die sie nicht selbst geschaffen haben &#8211; in ihrer ureigenen, vielleicht vierten Dimension.<\/p>\n\n\n\n<p><\/p>\n","protected":false},"excerpt":{"rendered":"<p>2. M\u00e4rz 2025 &#8211; 17 Uhr Theaterwerkstatt &#8211; Lister Meile 4, 30161 Hannover Fjodor DOSTOJEWSKIJ &#8211; Der Gro\u00dfinquisitor mit Matthias Neukirch (Schauspielhaus Z\u00fcrich) als hybride Rezitation mit Matthias Neukirch (Schauspielhaus Z\u00fcrich) in der Theaterwerkstatt Hannover, Lister Meile 4, 30161 Hannover Foto: Steve Zeidler \u00b4Der Gro\u00dfinquisitor\u00b4 aus \u00b4Die Br\u00fcder Karamasow\u00b4 (1878-80) von Fjodor DOSTOJEWSKIJ (1821-81) fragmentarische &#8230; <span class=\"more\"><a class=\"more-link\" href=\"https:\/\/dialog-der-kuenste.de\/?page_id=1651\">[Read more&#8230;]<\/a><\/span><\/p>\n","protected":false},"author":1,"featured_media":0,"parent":0,"menu_order":2,"comment_status":"closed","ping_status":"closed","template":"page-full-width.php","meta":{"footnotes":""},"_links":{"self":[{"href":"https:\/\/dialog-der-kuenste.de\/index.php?rest_route=\/wp\/v2\/pages\/1651"}],"collection":[{"href":"https:\/\/dialog-der-kuenste.de\/index.php?rest_route=\/wp\/v2\/pages"}],"about":[{"href":"https:\/\/dialog-der-kuenste.de\/index.php?rest_route=\/wp\/v2\/types\/page"}],"author":[{"embeddable":true,"href":"https:\/\/dialog-der-kuenste.de\/index.php?rest_route=\/wp\/v2\/users\/1"}],"replies":[{"embeddable":true,"href":"https:\/\/dialog-der-kuenste.de\/index.php?rest_route=%2Fwp%2Fv2%2Fcomments&post=1651"}],"version-history":[{"count":97,"href":"https:\/\/dialog-der-kuenste.de\/index.php?rest_route=\/wp\/v2\/pages\/1651\/revisions"}],"predecessor-version":[{"id":1983,"href":"https:\/\/dialog-der-kuenste.de\/index.php?rest_route=\/wp\/v2\/pages\/1651\/revisions\/1983"}],"wp:attachment":[{"href":"https:\/\/dialog-der-kuenste.de\/index.php?rest_route=%2Fwp%2Fv2%2Fmedia&parent=1651"}],"curies":[{"name":"wp","href":"https:\/\/api.w.org\/{rel}","templated":true}]}}