{"id":13,"date":"2016-06-23T18:22:34","date_gmt":"2016-06-23T18:22:34","guid":{"rendered":"http:\/\/dialog-der-kuenste.de\/?page_id=13"},"modified":"2026-01-09T16:51:06","modified_gmt":"2026-01-09T16:51:06","slug":"impressum","status":"publish","type":"page","link":"https:\/\/dialog-der-kuenste.de\/?page_id=13","title":{"rendered":"Karten + Impressum + F\u00f6rderer"},"content":{"rendered":"\n<style type=\"text\/css\">\n\t<!-- @page { margin: 2cm } P { margin-bottom: 0.21cm } A:link { so-language: zxx } --><br \/>\t<\/style>\n\n\n\n<p><span style=\"color: #666699;\"><span style=\"font-family: Century Gothic,serif;\"><span style=\"font-size: x-large;\">&nbsp;<\/span><\/span><\/span><\/p>\n\n\n\n<p><span style=\"color: #993366;\"><span style=\"font-family: Century Gothic,serif;\"><span style=\"font-size: xx-large;\">ORT \/ KARTEN<\/span><\/span><\/span><\/p>\n\n\n\n<p style=\"font-size:32px\"><span style=\"color: #666699;\"><span style=\"font-family: Century Gothic,serif;\"><span style=\"font-size: x-large;\">Vorverkauf : <strong>BUCHHANDLUNG an der MARKTKIRCHE<\/strong><\/span><\/span><\/span><\/p>\n\n\n\n<p style=\"font-size:32px\"><span style=\"color: #666699;\"><span style=\"font-family: Century Gothic,serif;\"><span style=\"font-size: x-large;\">Hanns-Lilje-Platz 4, 30159 Hannover<\/span><\/span><\/span><\/p>\n\n\n\n<p style=\"font-size:34px\"><span style=\"color: #666699;\"><span style=\"font-family: Century Gothic,serif;\"><span style=\"font-size: x-large;\">Montag &#8211; Freitag : 09.30 &#8211; 19.00 Uhr + Samstag : 09.30 &#8211; 17.00 Uhr<\/span><\/span><\/span><\/p>\n\n\n\n<p style=\"font-size:34px\"><span style=\"color: #666699;\"><span style=\"font-family: Century Gothic,serif;\"><span style=\"font-size: x-large;\">Tel.: 0511-306307  \/  Mail: info@buchhandlung-marktkirche.de<\/span><\/span><\/span><\/p>\n\n\n\n<p><\/p>\n\n\n\n<p style=\"font-size:34px\"><\/p>\n\n\n\n<p style=\"font-size:34px\"><span style=\"color: #666699;\"><span style=\"font-family: Century Gothic,serif;\"><span style=\"font-size: x-large;\">Abendkasse : 30 Min. vor Beginn<\/span><\/span><\/span><\/p>\n\n\n\n<p><span><font color=\"#666699\" face=\"Century Gothic, serif\" size=\"5\">Eintritt: 18 \/ <span style=\"caret-color: rgb(102, 102, 153);\">erm\u00e4\u00df<\/span>. 12 \u20ac (zzgl. VVK-Geb.)<\/font><\/span><\/p>\n\n\n\n<p style=\"font-size:34px\"><span style=\"color: #666699;\"><span style=\"font-family: Century Gothic,serif;\"><span style=\"font-size: x-large;\">\u00c4nderungen vorbehalten.<\/span><\/span><\/span><\/p>\n\n\n\n<p style=\"font-size:24px\"><span style=\"color: #666699;\"><span style=\"font-family: Century Gothic,serif;\"><span style=\"font-size: x-large;\">&nbsp;<\/span><\/span><\/span><\/p>\n\n\n\n<p><span style=\"color: #993366;\"><span style=\"font-family: Century Gothic,serif;\"><span style=\"font-size: xx-large;\">VERANSTALTER<\/span><\/span><\/span><\/p>\n\n\n\n<p><span style=\"color: #666699;\"><span style=\"font-family: Century Gothic,serif;\"><span style=\"font-size: x-large;\">DIALOG der K\u00dcNSTE&nbsp; e. V.<\/span><\/span><\/span><\/p>\n\n\n\n<p><span style=\"color: #666699; font-size: 14pt;\"><span style=\"font-family: Century Gothic,serif;\">(anerkannt gemeinn\u00fctzig)<\/span><\/span><\/p>\n\n\n\n<p><span style=\"color: #666699;\"><span style=\"font-family: Century Gothic,serif;\"><span style=\"font-size: x-large;\">Erwinstra\u00dfe 5<\/span><\/span><\/span><\/p>\n\n\n\n<p><span style=\"color: #666699;\"><span style=\"font-family: Century Gothic,serif;\"><span style=\"font-size: x-large;\">30175 Hannover<\/span><\/span><\/span><\/p>\n\n\n\n<p><span style=\"color: #666699;\"><span style=\"font-family: Century Gothic,serif;\"><span style=\"font-size: x-large;\">VR 203007 <span style=\"color: #666699;\"><span style=\"font-family: Century Gothic,serif;\"><span style=\"font-size: x-large;\">(Amtsgericht Hannover)<\/span><\/span><\/span><\/span><\/span><\/span><\/p>\n\n\n\n<p><span style=\"color: #666699;\"><span style=\"font-family: Century Gothic,serif;\"><span style=\"font-size: x-large;\">&nbsp;<\/span><\/span><\/span><\/p>\n\n\n\n<p><span style=\"color: #993366;\"><span style=\"font-family: Century Gothic,serif;\"><span style=\"font-size: xx-large;\">K\u00dcNSTLERISCHE &amp; ORGANISATORISCHE LEITUNG<\/span><\/span><\/span><\/p>\n\n\n\n<p><span style=\"color: #666699;\"><span style=\"font-family: Century Gothic,serif;\"><span style=\"font-size: x-large;\">Christian Kuhlo<\/span><\/span><\/span><\/p>\n\n\n\n<p><span style=\"color: #666699;\"><span style=\"font-family: Century Gothic,serif;\"><span style=\"font-size: x-large;\">&nbsp;<\/span><\/span><\/span><\/p>\n\n\n\n<p><span style=\"font-size: xx-large; font-family: 'Century Gothic', serif; color: #993366;\">KONTAKT<\/span><\/p>\n\n\n\n<p><span style=\"color: #666699;\"><span style=\"font-family: Century Gothic,serif;\"><span style=\"font-size: x-large;\">dialogderkuenste@gmx.net<\/span><\/span><\/span><\/p>\n\n\n\n<p><span style=\"color: #666699;\"><span style=\"font-family: Century Gothic,serif;\"><span style=\"font-size: x-large;\">&nbsp;<\/span><\/span><\/span><\/p>\n\n\n\n<p><span style=\"color: #993366;\"><span style=\"font-family: Century Gothic,serif;\"><span style=\"font-size: xx-large;\">DANK UNSEREN F\u00d6RDERERN<\/span><\/span><\/span><\/p>\n\n\n\n<p><span style=\"color: #666699;\"><span style=\"font-family: Century Gothic,serif;\"><span style=\"font-size: x-large;\">Stiftung Niedersachsen<\/span><\/span><\/span><\/p>\n\n\n\n<p><span style=\"color: #666699;\"><span style=\"font-family: Century Gothic,serif;\"><span style=\"font-size: x-large;\">Kulturb\u00fcro der Stadt Hannover<\/span><\/span><\/span><\/p>\n\n\n\n<p><span style=\"color: #666699;\"><span style=\"font-family: Century Gothic,serif;\"><span style=\"font-size: x-large;\">Musikland Niedersachsen <span style=\"color: #666699; font-family: Century Gothic; font-size: x-large;\">(Kooperationspartner)<\/span><\/span><\/span><\/span><\/p>\n\n\n\n<p><span style=\"color: #666699;\"><span style=\"font-family: Century Gothic,serif;\"><span style=\"font-size: x-large;\"><span style=\"color: #666699; font-family: Century Gothic; font-size: x-large;\">Stadt Hannover &#8211; UNESCO City of Music (Koop.-P.)<\/span><\/span><\/span><\/span><\/p>\n\n\n\n<p class=\"has-vivid-purple-color has-text-color has-link-color wp-elements-c91f8deee3c04b730e14abb8038927ba\"><\/p>\n\n\n\n<p><span style=\"color: #666699;\"><span style=\"font-family: Century Gothic,serif;\"><span style=\"font-size: x-large;\">_&nbsp; _&nbsp; _<\/span><\/span><\/span><\/p>\n\n\n\n<p><span style=\"color: #666699;\"><span style=\"font-family: Century Gothic,serif;\"><span style=\"font-size: x-large;\">&nbsp;<\/span><\/span><\/span><\/p>\n\n\n\n<p><span style=\"color: #993366;\"><span style=\"font-family: Century Gothic,serif;\"><span style=\"font-size: x-large;\">COPYRIGHT<\/span><\/span><\/span><\/p>\n\n\n\n<p><span style=\"color: #666699;\"><span style=\"font-family: Century Gothic,serif;\"><span style=\"font-size: x-large;\">Alle Texte und Bilder auf dieser Website sind urheberrechtlich gesch\u00fctzt.<\/span><\/span><\/span><\/p>\n\n\n\n<p><span style=\"color: #666699;\"><span style=\"font-family: Century Gothic,serif;\"><span style=\"font-size: x-large;\">Eine Nutzung durch Dritte ohne vorherige Erlaubnis ist nicht zul\u00e4ssig.<\/span><\/span><\/span><\/p>\n\n\n\n<p><span style=\"color: #666699;\"><span style=\"font-family: Century Gothic,serif;\"><span style=\"font-size: x-large;\">Copyright \u00a9 Christian Kuhlo<\/span><\/span><\/span><\/p>\n\n\n\n<p><span style=\"color: #666699;\"><span style=\"font-family: Century Gothic,serif;\"><span style=\"font-size: x-large;\">&nbsp;<\/span><\/span><\/span><\/p>\n\n\n\n<p><span style=\"color: #993366;\"><span style=\"font-family: Century Gothic,serif;\"><span style=\"font-size: x-large;\">HAFTUNGSHINWEIS<\/span><\/span><\/span><\/p>\n\n\n\n<p><span style=\"color: #666699;\"><span style=\"font-family: Century Gothic,serif;\"><span style=\"font-size: x-large;\">Trotz sorgf\u00e4ltiger inhaltlicher Kontrolle \u00fcbernehmen wir keine Haftung f\u00fcr die Inhalte externer Links. F\u00fcr den Inhalt der verlinkten Seiten sind ausschlie\u00dflich deren Betreiber verantwortlich.&nbsp;<\/span><\/span><\/span><\/p>\n","protected":false},"excerpt":{"rendered":"<p>&nbsp; ORT \/ KARTEN Vorverkauf : BUCHHANDLUNG an der MARKTKIRCHE Hanns-Lilje-Platz 4, 30159 Hannover Montag &#8211; Freitag : 09.30 &#8211; 19.00 Uhr + Samstag : 09.30 &#8211; 17.00 Uhr Tel.: 0511-306307 \/ Mail: info@buchhandlung-marktkirche.de Abendkasse : 30 Min. vor Beginn Eintritt: 18 \/ erm\u00e4\u00df. 12 \u20ac (zzgl. VVK-Geb.) \u00c4nderungen vorbehalten. &nbsp; VERANSTALTER DIALOG der K\u00dcNSTE&nbsp; &#8230; <span class=\"more\"><a class=\"more-link\" href=\"https:\/\/dialog-der-kuenste.de\/?page_id=13\">[Read more&#8230;]<\/a><\/span><\/p>\n","protected":false},"author":1,"featured_media":0,"parent":0,"menu_order":7,"comment_status":"closed","ping_status":"closed","template":"page-full-width.php","meta":{"footnotes":""},"_links":{"self":[{"href":"https:\/\/dialog-der-kuenste.de\/index.php?rest_route=\/wp\/v2\/pages\/13"}],"collection":[{"href":"https:\/\/dialog-der-kuenste.de\/index.php?rest_route=\/wp\/v2\/pages"}],"about":[{"href":"https:\/\/dialog-der-kuenste.de\/index.php?rest_route=\/wp\/v2\/types\/page"}],"author":[{"embeddable":true,"href":"https:\/\/dialog-der-kuenste.de\/index.php?rest_route=\/wp\/v2\/users\/1"}],"replies":[{"embeddable":true,"href":"https:\/\/dialog-der-kuenste.de\/index.php?rest_route=%2Fwp%2Fv2%2Fcomments&post=13"}],"version-history":[{"count":100,"href":"https:\/\/dialog-der-kuenste.de\/index.php?rest_route=\/wp\/v2\/pages\/13\/revisions"}],"predecessor-version":[{"id":1987,"href":"https:\/\/dialog-der-kuenste.de\/index.php?rest_route=\/wp\/v2\/pages\/13\/revisions\/1987"}],"wp:attachment":[{"href":"https:\/\/dialog-der-kuenste.de\/index.php?rest_route=%2Fwp%2Fv2%2Fmedia&parent=13"}],"curies":[{"name":"wp","href":"https:\/\/api.w.org\/{rel}","templated":true}]}}